{"id":18415,"date":"2025-12-05T12:36:51","date_gmt":"2025-12-05T12:36:51","guid":{"rendered":"https:\/\/digitalversion.es\/jeca2026\/?page_id=18415"},"modified":"2026-03-10T13:50:05","modified_gmt":"2026-03-10T13:50:05","slug":"ponentes-iv-jornada-espanola-del-cultivo-de-la-alfalfa","status":"publish","type":"page","link":"https:\/\/digitalversion.es\/jeca2026\/ponentes-iv-jornada-espanola-del-cultivo-de-la-alfalfa\/","title":{"rendered":"Ponentes &#8211; IV Jornada espa\u00f1ola del cultivo de la alfalfa"},"content":{"rendered":"\t\t<div data-elementor-type=\"wp-page\" data-elementor-id=\"18415\" class=\"elementor elementor-18415\">\n\t\t\t\t        <section class=\"elementor-section elementor-top-section elementor-element elementor-element-ba43d0d elementor-section-boxed elementor-section-height-default elementor-section-height-default pxl-row-scroll-none pxl-zoom-point-false pxl-section-overflow-visible pxl-section-fix-none pxl-bg-color-none pxl-section-overlay-none\" data-id=\"ba43d0d\" data-element_type=\"section\">\n\n                \n                <div class=\"elementor-container elementor-column-gap-default \">\n                <div class=\"elementor-column elementor-col-100 elementor-top-column elementor-element elementor-element-4d6e5c8 pxl-column-none pxl-column-overflow-hidden-no\" data-id=\"4d6e5c8\" data-element_type=\"column\">\r\n        <div class=\"elementor-widget-wrap\">\r\n                     \r\n                    <\/div>\r\n        <\/div>\r\n        \t\t\t<\/div>\n\t\t<\/section>\n\t\t        <section class=\"elementor-section elementor-top-section elementor-element elementor-element-8a0537c elementor-section-full_width elementor-section-stretched elementor-section-height-default elementor-section-height-default pxl-row-scroll-none pxl-zoom-point-false pxl-section-overflow-visible pxl-section-fix-none pxl-full-content-with-space-none pxl-bg-color-none pxl-section-overlay-none\" data-id=\"8a0537c\" data-element_type=\"section\" data-settings=\"{&quot;stretch_section&quot;:&quot;section-stretched&quot;}\">\n\n                \n                <div class=\"elementor-container elementor-column-gap-no \">\n                <div class=\"elementor-column elementor-col-100 elementor-top-column elementor-element elementor-element-b733212 pxl-column-none pxl-column-overflow-hidden-no\" data-id=\"b733212\" data-element_type=\"column\">\r\n        <div class=\"elementor-widget-wrap\">\r\n                     \r\n                    <\/div>\r\n        <\/div>\r\n        \t\t\t<\/div>\n\t\t<\/section>\n\t\t        <section class=\"elementor-section elementor-top-section elementor-element elementor-element-43ddddc elementor-section-boxed elementor-section-height-default elementor-section-height-default pxl-row-scroll-none pxl-zoom-point-false pxl-section-overflow-visible pxl-section-fix-none pxl-bg-color-none pxl-section-overlay-none\" data-id=\"43ddddc\" data-element_type=\"section\">\n\n                \n                <div class=\"elementor-container elementor-column-gap-default \">\n                <div class=\"elementor-column elementor-col-33 elementor-top-column elementor-element elementor-element-1c89c61 pxl-column-none pxl-column-overflow-hidden-no\" data-id=\"1c89c61\" data-element_type=\"column\">\r\n        <div class=\"elementor-widget-wrap elementor-element-populated\">\r\n                     \r\n        \t\t<div class=\"elementor-element elementor-element-046c84b elementor-widget elementor-widget-qi_addons_for_elementor_section_title\" data-id=\"046c84b\" data-element_type=\"widget\" data-widget_type=\"qi_addons_for_elementor_section_title.default\">\n\t\t\t\t<div class=\"elementor-widget-container\">\n\t\t\t\t\t<div class=\"qodef-shortcode qodef-m qodef-qi-section-title qodef-decoration--italic qodef-link--underline-draw qodef-subtitle-icon--left\">\n\t\t\t\t<h5 class=\"qodef-m-subtitle\">\n\t\t4 marzo 2026\t\t\t<\/h5>\n\t\t\t<h2 class=\"qodef-m-title\">\n\t\tPONENTES JECA 2026\t<\/h2>\n\t\t\t<\/div>\n\t\t\t\t<\/div>\n\t\t\t\t<\/div>\n\t\t            <\/div>\r\n        <\/div>\r\n                <div class=\"elementor-column elementor-col-66 elementor-top-column elementor-element elementor-element-14e47a1 pxl-column-none pxl-column-overflow-hidden-no\" data-id=\"14e47a1\" data-element_type=\"column\">\r\n        <div class=\"elementor-widget-wrap\">\r\n                     \r\n                    <\/div>\r\n        <\/div>\r\n        \t\t\t<\/div>\n\t\t<\/section>\n\t\t        <section class=\"elementor-section elementor-top-section elementor-element elementor-element-0da277f elementor-section-boxed elementor-section-height-default elementor-section-height-default pxl-row-scroll-none pxl-zoom-point-false pxl-section-overflow-visible pxl-section-fix-none pxl-bg-color-none pxl-section-overlay-none\" data-id=\"0da277f\" data-element_type=\"section\">\n\n                            <div class=\"elementor-background-overlay\"><\/div>\n            \n                <div class=\"elementor-container elementor-column-gap-default \">\n                <div class=\"elementor-column elementor-col-33 elementor-top-column elementor-element elementor-element-28439a9 pxl-column-none pxl-column-overflow-hidden-no\" data-id=\"28439a9\" data-element_type=\"column\">\r\n        <div class=\"elementor-widget-wrap elementor-element-populated\">\r\n                     \r\n        \t\t<div class=\"elementor-element elementor-element-6e6e7a0 elementor-widget elementor-widget-image\" data-id=\"6e6e7a0\" data-element_type=\"widget\" data-widget_type=\"image.default\">\n\t\t\t\t<div class=\"elementor-widget-container\">\n\t\t\t\t\t\t\t\t\t\t\t\t\t\t\t<img fetchpriority=\"high\" decoding=\"async\" width=\"300\" height=\"300\" src=\"https:\/\/digitalversion.es\/jeca2026\/wp-content\/uploads\/2025\/12\/Jornadas-Jeca-Josep-Maria-Llenes-Espigares-300x300.png\" class=\"attachment-medium size-medium wp-image-18434\" alt=\"\" srcset=\"https:\/\/digitalversion.es\/jeca2026\/wp-content\/uploads\/2025\/12\/Jornadas-Jeca-Josep-Maria-Llenes-Espigares-300x300.png 300w, https:\/\/digitalversion.es\/jeca2026\/wp-content\/uploads\/2025\/12\/Jornadas-Jeca-Josep-Maria-Llenes-Espigares-150x150.png 150w, https:\/\/digitalversion.es\/jeca2026\/wp-content\/uploads\/2025\/12\/Jornadas-Jeca-Josep-Maria-Llenes-Espigares.png 500w\" sizes=\"(max-width: 300px) 100vw, 300px\" \/>\t\t\t\t\t\t\t\t\t\t\t\t\t\t\t<\/div>\n\t\t\t\t<\/div>\n\t\t\t\t<div class=\"elementor-element elementor-element-f7c3aba elementor-widget elementor-widget-text-editor\" data-id=\"f7c3aba\" data-element_type=\"widget\" data-widget_type=\"text-editor.default\">\n\t\t\t\t<div class=\"elementor-widget-container\">\n\t\t\t\t\t\t\t\t\t<h5 style=\"text-align: center;\"><strong><span style=\"color: #ffffff;\">Josep M\u00aa Llenes Espigares<\/span><\/strong><\/h5><p style=\"text-align: center;\"><span style=\"color: #ffffff;\">T\u00e9cnico. Servei de Sanitat Vegetal, Generalitat de Catalunya<\/span><\/p>\t\t\t\t\t\t\t\t<\/div>\n\t\t\t\t<\/div>\n\t\t\t\t<div class=\"elementor-element elementor-element-48eea3a elementor-widget elementor-widget-image\" data-id=\"48eea3a\" data-element_type=\"widget\" data-widget_type=\"image.default\">\n\t\t\t\t<div class=\"elementor-widget-container\">\n\t\t\t\t\t\t\t\t\t\t\t\t<figure class=\"wp-caption\">\n\t\t\t\t\t\t\t\t\t\t\t<a href=\"https:\/\/comunica-t.net\/JECA2026\/JECA_01_Gestion_Malas_Hierbas_Josep%20M%C2%AA%20Llenes.pdf\">\n\t\t\t\t\t\t\t<img decoding=\"async\" width=\"1024\" height=\"573\" src=\"https:\/\/digitalversion.es\/jeca2026\/wp-content\/uploads\/2026\/03\/JECA_01_Gestion_Malas_Hierbas_Josep-Ma-Llenes-1024x573.png\" class=\"attachment-large size-large wp-image-19559\" alt=\"\" srcset=\"https:\/\/digitalversion.es\/jeca2026\/wp-content\/uploads\/2026\/03\/JECA_01_Gestion_Malas_Hierbas_Josep-Ma-Llenes-1024x573.png 1024w, https:\/\/digitalversion.es\/jeca2026\/wp-content\/uploads\/2026\/03\/JECA_01_Gestion_Malas_Hierbas_Josep-Ma-Llenes-300x168.png 300w, https:\/\/digitalversion.es\/jeca2026\/wp-content\/uploads\/2026\/03\/JECA_01_Gestion_Malas_Hierbas_Josep-Ma-Llenes-768x430.png 768w, https:\/\/digitalversion.es\/jeca2026\/wp-content\/uploads\/2026\/03\/JECA_01_Gestion_Malas_Hierbas_Josep-Ma-Llenes-1536x860.png 1536w, https:\/\/digitalversion.es\/jeca2026\/wp-content\/uploads\/2026\/03\/JECA_01_Gestion_Malas_Hierbas_Josep-Ma-Llenes-1170x655.png 1170w, https:\/\/digitalversion.es\/jeca2026\/wp-content\/uploads\/2026\/03\/JECA_01_Gestion_Malas_Hierbas_Josep-Ma-Llenes-600x336.png 600w, https:\/\/digitalversion.es\/jeca2026\/wp-content\/uploads\/2026\/03\/JECA_01_Gestion_Malas_Hierbas_Josep-Ma-Llenes.png 1766w\" sizes=\"(max-width: 1024px) 100vw, 1024px\" \/>\t\t\t\t\t\t\t\t<\/a>\n\t\t\t\t\t\t\t\t\t\t\t<figcaption class=\"widget-image-caption wp-caption-text\">Descarga aqu\u00ed la presentaci\u00f3n<\/figcaption>\n\t\t\t\t\t\t\t\t\t\t<\/figure>\n\t\t\t\t\t\t\t\t\t<\/div>\n\t\t\t\t<\/div>\n\t\t            <\/div>\r\n        <\/div>\r\n                <div class=\"elementor-column elementor-col-33 elementor-top-column elementor-element elementor-element-865fc2b pxl-column-none pxl-column-overflow-hidden-no\" data-id=\"865fc2b\" data-element_type=\"column\">\r\n        <div class=\"elementor-widget-wrap elementor-element-populated\">\r\n                     \r\n        \t\t<div class=\"elementor-element elementor-element-03f367c elementor-widget elementor-widget-image\" data-id=\"03f367c\" data-element_type=\"widget\" data-widget_type=\"image.default\">\n\t\t\t\t<div class=\"elementor-widget-container\">\n\t\t\t\t\t\t\t\t\t\t\t\t\t\t\t<img decoding=\"async\" width=\"300\" height=\"300\" src=\"https:\/\/digitalversion.es\/jeca2026\/wp-content\/uploads\/2025\/12\/Jornadas-Jeca-Fernando-Bacha-300x300.png\" class=\"attachment-medium size-medium wp-image-18432\" alt=\"\" srcset=\"https:\/\/digitalversion.es\/jeca2026\/wp-content\/uploads\/2025\/12\/Jornadas-Jeca-Fernando-Bacha-300x300.png 300w, https:\/\/digitalversion.es\/jeca2026\/wp-content\/uploads\/2025\/12\/Jornadas-Jeca-Fernando-Bacha-150x150.png 150w, https:\/\/digitalversion.es\/jeca2026\/wp-content\/uploads\/2025\/12\/Jornadas-Jeca-Fernando-Bacha.png 500w\" sizes=\"(max-width: 300px) 100vw, 300px\" \/>\t\t\t\t\t\t\t\t\t\t\t\t\t\t\t<\/div>\n\t\t\t\t<\/div>\n\t\t\t\t<div class=\"elementor-element elementor-element-c838b60 elementor-widget elementor-widget-text-editor\" data-id=\"c838b60\" data-element_type=\"widget\" data-widget_type=\"text-editor.default\">\n\t\t\t\t<div class=\"elementor-widget-container\">\n\t\t\t\t\t\t\t\t\t<h5 style=\"text-align: center;\"><strong><span style=\"color: #ffffff;\">Fernando Bacha Baz<\/span><\/strong><\/h5><p style=\"text-align: center;\"><span style=\"color: #ffffff;\">M\u00e9dico Veterinario Zootecnista. Director t\u00e9cnico en Nacoop.<\/span><\/p>\t\t\t\t\t\t\t\t<\/div>\n\t\t\t\t<\/div>\n\t\t\t\t<div class=\"elementor-element elementor-element-a309801 elementor-widget elementor-widget-image\" data-id=\"a309801\" data-element_type=\"widget\" data-widget_type=\"image.default\">\n\t\t\t\t<div class=\"elementor-widget-container\">\n\t\t\t\t\t\t\t\t\t\t\t\t<figure class=\"wp-caption\">\n\t\t\t\t\t\t\t\t\t\t\t<a href=\"https:\/\/comunica-t.net\/JECA2026\/JECA_04_Alfalfa_y_alimentacio%CC%81n_animal_Fernando_Bacha.pdf\">\n\t\t\t\t\t\t\t<img loading=\"lazy\" decoding=\"async\" width=\"1024\" height=\"574\" src=\"https:\/\/digitalversion.es\/jeca2026\/wp-content\/uploads\/2026\/03\/JECA_04_Alfalfa_y_alimentacion_animal_Fernando_Bacha-1024x574.png\" class=\"attachment-large size-large wp-image-19563\" alt=\"\" srcset=\"https:\/\/digitalversion.es\/jeca2026\/wp-content\/uploads\/2026\/03\/JECA_04_Alfalfa_y_alimentacion_animal_Fernando_Bacha-1024x574.png 1024w, https:\/\/digitalversion.es\/jeca2026\/wp-content\/uploads\/2026\/03\/JECA_04_Alfalfa_y_alimentacion_animal_Fernando_Bacha-300x168.png 300w, https:\/\/digitalversion.es\/jeca2026\/wp-content\/uploads\/2026\/03\/JECA_04_Alfalfa_y_alimentacion_animal_Fernando_Bacha-768x430.png 768w, https:\/\/digitalversion.es\/jeca2026\/wp-content\/uploads\/2026\/03\/JECA_04_Alfalfa_y_alimentacion_animal_Fernando_Bacha-1536x861.png 1536w, https:\/\/digitalversion.es\/jeca2026\/wp-content\/uploads\/2026\/03\/JECA_04_Alfalfa_y_alimentacion_animal_Fernando_Bacha-1170x656.png 1170w, https:\/\/digitalversion.es\/jeca2026\/wp-content\/uploads\/2026\/03\/JECA_04_Alfalfa_y_alimentacion_animal_Fernando_Bacha-600x336.png 600w, https:\/\/digitalversion.es\/jeca2026\/wp-content\/uploads\/2026\/03\/JECA_04_Alfalfa_y_alimentacion_animal_Fernando_Bacha.png 1765w\" sizes=\"(max-width: 1024px) 100vw, 1024px\" \/>\t\t\t\t\t\t\t\t<\/a>\n\t\t\t\t\t\t\t\t\t\t\t<figcaption class=\"widget-image-caption wp-caption-text\">Descarga aqu\u00ed la presentaci\u00f3n<\/figcaption>\n\t\t\t\t\t\t\t\t\t\t<\/figure>\n\t\t\t\t\t\t\t\t\t<\/div>\n\t\t\t\t<\/div>\n\t\t            <\/div>\r\n        <\/div>\r\n                <div class=\"elementor-column elementor-col-33 elementor-top-column elementor-element elementor-element-9c93dd2 pxl-column-none pxl-column-overflow-hidden-no\" data-id=\"9c93dd2\" data-element_type=\"column\">\r\n        <div class=\"elementor-widget-wrap elementor-element-populated\">\r\n                     \r\n        \t\t<div class=\"elementor-element elementor-element-f6a2b5a elementor-widget elementor-widget-image\" data-id=\"f6a2b5a\" data-element_type=\"widget\" data-widget_type=\"image.default\">\n\t\t\t\t<div class=\"elementor-widget-container\">\n\t\t\t\t\t\t\t\t\t\t\t\t\t\t\t<img loading=\"lazy\" decoding=\"async\" width=\"300\" height=\"300\" src=\"https:\/\/digitalversion.es\/jeca2026\/wp-content\/uploads\/2025\/12\/Jornadas-Jeca-Jose-Cavero-Campo-300x300.png\" class=\"attachment-medium size-medium wp-image-18433\" alt=\"\" srcset=\"https:\/\/digitalversion.es\/jeca2026\/wp-content\/uploads\/2025\/12\/Jornadas-Jeca-Jose-Cavero-Campo-300x300.png 300w, https:\/\/digitalversion.es\/jeca2026\/wp-content\/uploads\/2025\/12\/Jornadas-Jeca-Jose-Cavero-Campo-150x150.png 150w, https:\/\/digitalversion.es\/jeca2026\/wp-content\/uploads\/2025\/12\/Jornadas-Jeca-Jose-Cavero-Campo.png 500w\" sizes=\"(max-width: 300px) 100vw, 300px\" \/>\t\t\t\t\t\t\t\t\t\t\t\t\t\t\t<\/div>\n\t\t\t\t<\/div>\n\t\t\t\t<div class=\"elementor-element elementor-element-5c0ca3b elementor-widget elementor-widget-text-editor\" data-id=\"5c0ca3b\" data-element_type=\"widget\" data-widget_type=\"text-editor.default\">\n\t\t\t\t<div class=\"elementor-widget-container\">\n\t\t\t\t\t\t\t\t\t<h5 style=\"text-align: center;\"><strong><span style=\"color: #ffffff;\">Jos\u00e9 Cavero Campo<\/span><\/strong><\/h5><p style=\"text-align: center;\"><span style=\"color: #ffffff;\">Jos\u00e9 Cavero Campo, Cient\u00edfico Titular, Estaci\u00f3n Experimental Aula Dei \u2013 CSIC.<\/span><\/p>\t\t\t\t\t\t\t\t<\/div>\n\t\t\t\t<\/div>\n\t\t\t\t<div class=\"elementor-element elementor-element-8f6130f elementor-widget elementor-widget-image\" data-id=\"8f6130f\" data-element_type=\"widget\" data-widget_type=\"image.default\">\n\t\t\t\t<div class=\"elementor-widget-container\">\n\t\t\t\t\t\t\t\t\t\t\t\t<figure class=\"wp-caption\">\n\t\t\t\t\t\t\t\t\t\t\t<a href=\"https:\/\/comunica-t.net\/JECA2026\/JECA_03_Manejo_del_riego_por_aspersio%CC%81n_Jose_Cavero.pdf\">\n\t\t\t\t\t\t\t<img loading=\"lazy\" decoding=\"async\" width=\"1024\" height=\"574\" src=\"https:\/\/digitalversion.es\/jeca2026\/wp-content\/uploads\/2026\/03\/JECA_03_Manejo_del_riego_por_aspersion_Jose_Cavero-1024x574.png\" class=\"attachment-large size-large wp-image-19564\" alt=\"\" srcset=\"https:\/\/digitalversion.es\/jeca2026\/wp-content\/uploads\/2026\/03\/JECA_03_Manejo_del_riego_por_aspersion_Jose_Cavero-1024x574.png 1024w, https:\/\/digitalversion.es\/jeca2026\/wp-content\/uploads\/2026\/03\/JECA_03_Manejo_del_riego_por_aspersion_Jose_Cavero-300x168.png 300w, https:\/\/digitalversion.es\/jeca2026\/wp-content\/uploads\/2026\/03\/JECA_03_Manejo_del_riego_por_aspersion_Jose_Cavero-768x430.png 768w, https:\/\/digitalversion.es\/jeca2026\/wp-content\/uploads\/2026\/03\/JECA_03_Manejo_del_riego_por_aspersion_Jose_Cavero-1536x861.png 1536w, https:\/\/digitalversion.es\/jeca2026\/wp-content\/uploads\/2026\/03\/JECA_03_Manejo_del_riego_por_aspersion_Jose_Cavero-1170x655.png 1170w, https:\/\/digitalversion.es\/jeca2026\/wp-content\/uploads\/2026\/03\/JECA_03_Manejo_del_riego_por_aspersion_Jose_Cavero-600x336.png 600w, https:\/\/digitalversion.es\/jeca2026\/wp-content\/uploads\/2026\/03\/JECA_03_Manejo_del_riego_por_aspersion_Jose_Cavero.png 1760w\" sizes=\"(max-width: 1024px) 100vw, 1024px\" \/>\t\t\t\t\t\t\t\t<\/a>\n\t\t\t\t\t\t\t\t\t\t\t<figcaption class=\"widget-image-caption wp-caption-text\">Descarga aqu\u00ed la presentaci\u00f3n<\/figcaption>\n\t\t\t\t\t\t\t\t\t\t<\/figure>\n\t\t\t\t\t\t\t\t\t<\/div>\n\t\t\t\t<\/div>\n\t\t            <\/div>\r\n        <\/div>\r\n        \t\t\t<\/div>\n\t\t<\/section>\n\t\t        <section class=\"elementor-section elementor-top-section elementor-element elementor-element-32be0dc elementor-section-boxed elementor-section-height-default elementor-section-height-default pxl-row-scroll-none pxl-zoom-point-false pxl-section-overflow-visible pxl-section-fix-none pxl-bg-color-none pxl-section-overlay-none\" data-id=\"32be0dc\" data-element_type=\"section\">\n\n                            <div class=\"elementor-background-overlay\"><\/div>\n            \n                <div class=\"elementor-container elementor-column-gap-default \">\n                <div class=\"elementor-column elementor-col-100 elementor-top-column elementor-element elementor-element-cdce09f pxl-column-none pxl-column-overflow-hidden-no\" data-id=\"cdce09f\" data-element_type=\"column\">\r\n        <div class=\"elementor-widget-wrap elementor-element-populated\">\r\n                     \r\n        \t\t<div class=\"elementor-element elementor-element-817c2fa elementor-widget-divider--view-line elementor-widget elementor-widget-divider\" data-id=\"817c2fa\" data-element_type=\"widget\" data-widget_type=\"divider.default\">\n\t\t\t\t<div class=\"elementor-widget-container\">\n\t\t\t\t\t\t\t<div class=\"elementor-divider\">\n\t\t\t<span class=\"elementor-divider-separator\">\n\t\t\t\t\t\t<\/span>\n\t\t<\/div>\n\t\t\t\t\t\t<\/div>\n\t\t\t\t<\/div>\n\t\t            <\/div>\r\n        <\/div>\r\n        \t\t\t<\/div>\n\t\t<\/section>\n\t\t        <section class=\"elementor-section elementor-top-section elementor-element elementor-element-0bd34b7 elementor-section-boxed elementor-section-height-default elementor-section-height-default pxl-row-scroll-none pxl-zoom-point-false pxl-section-overflow-visible pxl-section-fix-none pxl-bg-color-none pxl-section-overlay-none\" data-id=\"0bd34b7\" data-element_type=\"section\">\n\n                            <div class=\"elementor-background-overlay\"><\/div>\n            \n                <div class=\"elementor-container elementor-column-gap-default \">\n                <div class=\"elementor-column elementor-col-33 elementor-top-column elementor-element elementor-element-7a72166 pxl-column-none pxl-column-overflow-hidden-no\" data-id=\"7a72166\" data-element_type=\"column\">\r\n        <div class=\"elementor-widget-wrap elementor-element-populated\">\r\n                     \r\n        \t\t<div class=\"elementor-element elementor-element-0625e28 elementor-widget elementor-widget-image\" data-id=\"0625e28\" data-element_type=\"widget\" data-widget_type=\"image.default\">\n\t\t\t\t<div class=\"elementor-widget-container\">\n\t\t\t\t\t\t\t\t\t\t\t\t\t\t\t<img loading=\"lazy\" decoding=\"async\" width=\"282\" height=\"300\" src=\"https:\/\/digitalversion.es\/jeca2026\/wp-content\/uploads\/2026\/03\/paz-282x300.png\" class=\"attachment-medium size-medium wp-image-19575\" alt=\"\" srcset=\"https:\/\/digitalversion.es\/jeca2026\/wp-content\/uploads\/2026\/03\/paz-282x300.png 282w, https:\/\/digitalversion.es\/jeca2026\/wp-content\/uploads\/2026\/03\/paz.png 594w\" sizes=\"(max-width: 282px) 100vw, 282px\" \/>\t\t\t\t\t\t\t\t\t\t\t\t\t\t\t<\/div>\n\t\t\t\t<\/div>\n\t\t\t\t<div class=\"elementor-element elementor-element-b07d577 elementor-widget elementor-widget-text-editor\" data-id=\"b07d577\" data-element_type=\"widget\" data-widget_type=\"text-editor.default\">\n\t\t\t\t<div class=\"elementor-widget-container\">\n\t\t\t\t\t\t\t\t\t<h5 style=\"text-align: center;\"><span style=\"color: #ffffff;\">Paz Fentes<\/span><\/h5><p style=\"text-align: center;\"><span style=\"color: #ffffff;\">Direcci\u00f3n General de Producciones y Mercados Agrarios.\u00a0<br \/><\/span><span style=\"color: #ffffff; letter-spacing: 0px;\">Ministerio de Agricultura, Pesca y Alimentaci\u00f3n.<\/span><\/p>\t\t\t\t\t\t\t\t<\/div>\n\t\t\t\t<\/div>\n\t\t\t\t<div class=\"elementor-element elementor-element-8b35ba1 elementor-widget elementor-widget-image\" data-id=\"8b35ba1\" data-element_type=\"widget\" data-widget_type=\"image.default\">\n\t\t\t\t<div class=\"elementor-widget-container\">\n\t\t\t\t\t\t\t\t\t\t\t\t<figure class=\"wp-caption\">\n\t\t\t\t\t\t\t\t\t\t\t<a href=\"https:\/\/comunica-t.net\/JECA2026\/JECA_06_Novedades_PAC_Paz_Fentes.pdf\">\n\t\t\t\t\t\t\t<img loading=\"lazy\" decoding=\"async\" width=\"1024\" height=\"572\" src=\"https:\/\/digitalversion.es\/jeca2026\/wp-content\/uploads\/2026\/03\/JECA_06_Novedades_PAC_Paz_Fentes-1024x572.png\" class=\"attachment-large size-large wp-image-19565\" alt=\"\" srcset=\"https:\/\/digitalversion.es\/jeca2026\/wp-content\/uploads\/2026\/03\/JECA_06_Novedades_PAC_Paz_Fentes-1024x572.png 1024w, https:\/\/digitalversion.es\/jeca2026\/wp-content\/uploads\/2026\/03\/JECA_06_Novedades_PAC_Paz_Fentes-300x168.png 300w, https:\/\/digitalversion.es\/jeca2026\/wp-content\/uploads\/2026\/03\/JECA_06_Novedades_PAC_Paz_Fentes-768x429.png 768w, https:\/\/digitalversion.es\/jeca2026\/wp-content\/uploads\/2026\/03\/JECA_06_Novedades_PAC_Paz_Fentes-1536x859.png 1536w, https:\/\/digitalversion.es\/jeca2026\/wp-content\/uploads\/2026\/03\/JECA_06_Novedades_PAC_Paz_Fentes-1170x654.png 1170w, https:\/\/digitalversion.es\/jeca2026\/wp-content\/uploads\/2026\/03\/JECA_06_Novedades_PAC_Paz_Fentes-600x335.png 600w, https:\/\/digitalversion.es\/jeca2026\/wp-content\/uploads\/2026\/03\/JECA_06_Novedades_PAC_Paz_Fentes.png 1762w\" sizes=\"(max-width: 1024px) 100vw, 1024px\" \/>\t\t\t\t\t\t\t\t<\/a>\n\t\t\t\t\t\t\t\t\t\t\t<figcaption class=\"widget-image-caption wp-caption-text\">Descarga aqu\u00ed la presentaci\u00f3n<\/figcaption>\n\t\t\t\t\t\t\t\t\t\t<\/figure>\n\t\t\t\t\t\t\t\t\t<\/div>\n\t\t\t\t<\/div>\n\t\t            <\/div>\r\n        <\/div>\r\n                <div class=\"elementor-column elementor-col-33 elementor-top-column elementor-element elementor-element-7f79118 pxl-column-none pxl-column-overflow-hidden-no\" data-id=\"7f79118\" data-element_type=\"column\">\r\n        <div class=\"elementor-widget-wrap elementor-element-populated\">\r\n                     \r\n        \t\t<div class=\"elementor-element elementor-element-8930939 elementor-widget elementor-widget-image\" data-id=\"8930939\" data-element_type=\"widget\" data-widget_type=\"image.default\">\n\t\t\t\t<div class=\"elementor-widget-container\">\n\t\t\t\t\t\t\t\t\t\t\t\t\t\t\t<img loading=\"lazy\" decoding=\"async\" width=\"300\" height=\"300\" src=\"https:\/\/digitalversion.es\/jeca2026\/wp-content\/uploads\/2025\/12\/Jornadas-Jeca-Manuel_perez_ruiz-300x300.png\" class=\"attachment-medium size-medium wp-image-18463\" alt=\"\" srcset=\"https:\/\/digitalversion.es\/jeca2026\/wp-content\/uploads\/2025\/12\/Jornadas-Jeca-Manuel_perez_ruiz-300x300.png 300w, https:\/\/digitalversion.es\/jeca2026\/wp-content\/uploads\/2025\/12\/Jornadas-Jeca-Manuel_perez_ruiz-150x150.png 150w, https:\/\/digitalversion.es\/jeca2026\/wp-content\/uploads\/2025\/12\/Jornadas-Jeca-Manuel_perez_ruiz.png 500w\" sizes=\"(max-width: 300px) 100vw, 300px\" \/>\t\t\t\t\t\t\t\t\t\t\t\t\t\t\t<\/div>\n\t\t\t\t<\/div>\n\t\t\t\t<div class=\"elementor-element elementor-element-33f5ca5 elementor-widget elementor-widget-text-editor\" data-id=\"33f5ca5\" data-element_type=\"widget\" data-widget_type=\"text-editor.default\">\n\t\t\t\t<div class=\"elementor-widget-container\">\n\t\t\t\t\t\t\t\t\t<h5 style=\"text-align: center;\"><strong><span style=\"color: #ffffff;\">Manuel P\u00e9rez Ruiz<\/span><\/strong><\/h5><p style=\"text-align: center;\"><span style=\"color: #ffffff;\">Catedr\u00e1tico Universidad de Sevilla. Especializado en Agricultura de Precisi\u00f3n y en la aplicaci\u00f3n de nuevas tecnolog\u00edas a la producci\u00f3n agr\u00edcola.<\/span><\/p>\t\t\t\t\t\t\t\t<\/div>\n\t\t\t\t<\/div>\n\t\t\t\t<div class=\"elementor-element elementor-element-4736b1d elementor-widget elementor-widget-image\" data-id=\"4736b1d\" data-element_type=\"widget\" data-widget_type=\"image.default\">\n\t\t\t\t<div class=\"elementor-widget-container\">\n\t\t\t\t\t\t\t\t\t\t\t\t<figure class=\"wp-caption\">\n\t\t\t\t\t\t\t\t\t\t\t<a href=\"https:\/\/comunica-t.net\/JECA2026\/JECA_05_Inteligencia_artificial_Manuel_Pe%CC%81rez.pdf\">\n\t\t\t\t\t\t\t<img loading=\"lazy\" decoding=\"async\" width=\"1024\" height=\"575\" src=\"https:\/\/digitalversion.es\/jeca2026\/wp-content\/uploads\/2026\/03\/JECA_05_Inteligencia_artificial_Manuel_Perez-1024x575.png\" class=\"attachment-large size-large wp-image-19566\" alt=\"\" srcset=\"https:\/\/digitalversion.es\/jeca2026\/wp-content\/uploads\/2026\/03\/JECA_05_Inteligencia_artificial_Manuel_Perez-1024x575.png 1024w, https:\/\/digitalversion.es\/jeca2026\/wp-content\/uploads\/2026\/03\/JECA_05_Inteligencia_artificial_Manuel_Perez-300x168.png 300w, https:\/\/digitalversion.es\/jeca2026\/wp-content\/uploads\/2026\/03\/JECA_05_Inteligencia_artificial_Manuel_Perez-768x431.png 768w, https:\/\/digitalversion.es\/jeca2026\/wp-content\/uploads\/2026\/03\/JECA_05_Inteligencia_artificial_Manuel_Perez-1536x862.png 1536w, https:\/\/digitalversion.es\/jeca2026\/wp-content\/uploads\/2026\/03\/JECA_05_Inteligencia_artificial_Manuel_Perez-1170x656.png 1170w, https:\/\/digitalversion.es\/jeca2026\/wp-content\/uploads\/2026\/03\/JECA_05_Inteligencia_artificial_Manuel_Perez-600x337.png 600w, https:\/\/digitalversion.es\/jeca2026\/wp-content\/uploads\/2026\/03\/JECA_05_Inteligencia_artificial_Manuel_Perez.png 1761w\" sizes=\"(max-width: 1024px) 100vw, 1024px\" \/>\t\t\t\t\t\t\t\t<\/a>\n\t\t\t\t\t\t\t\t\t\t\t<figcaption class=\"widget-image-caption wp-caption-text\">Descarga aqu\u00ed la presentaci\u00f3n<\/figcaption>\n\t\t\t\t\t\t\t\t\t\t<\/figure>\n\t\t\t\t\t\t\t\t\t<\/div>\n\t\t\t\t<\/div>\n\t\t            <\/div>\r\n        <\/div>\r\n                <div class=\"elementor-column elementor-col-33 elementor-top-column elementor-element elementor-element-3962b67 pxl-column-none pxl-column-overflow-hidden-no\" data-id=\"3962b67\" data-element_type=\"column\">\r\n        <div class=\"elementor-widget-wrap elementor-element-populated\">\r\n                     \r\n        \t\t<div class=\"elementor-element elementor-element-893d3b0 elementor-widget elementor-widget-image\" data-id=\"893d3b0\" data-element_type=\"widget\" data-widget_type=\"image.default\">\n\t\t\t\t<div class=\"elementor-widget-container\">\n\t\t\t\t\t\t\t\t\t\t\t\t\t\t\t<img loading=\"lazy\" decoding=\"async\" width=\"300\" height=\"300\" src=\"https:\/\/digitalversion.es\/jeca2026\/wp-content\/uploads\/2026\/01\/anove-300x300.png\" class=\"attachment-medium size-medium wp-image-18524\" alt=\"\" srcset=\"https:\/\/digitalversion.es\/jeca2026\/wp-content\/uploads\/2026\/01\/anove-300x300.png 300w, https:\/\/digitalversion.es\/jeca2026\/wp-content\/uploads\/2026\/01\/anove-150x150.png 150w, https:\/\/digitalversion.es\/jeca2026\/wp-content\/uploads\/2026\/01\/anove.png 500w\" sizes=\"(max-width: 300px) 100vw, 300px\" \/>\t\t\t\t\t\t\t\t\t\t\t\t\t\t\t<\/div>\n\t\t\t\t<\/div>\n\t\t\t\t<div class=\"elementor-element elementor-element-6cf3b65 elementor-widget elementor-widget-text-editor\" data-id=\"6cf3b65\" data-element_type=\"widget\" data-widget_type=\"text-editor.default\">\n\t\t\t\t<div class=\"elementor-widget-container\">\n\t\t\t\t\t\t\t\t\t<h5 style=\"text-align: center;\"><span style=\"color: #ffffff;\">David Cobertera<\/span><\/h5><p style=\"text-align: center;\"><span style=\"color: #ffffff;\">Mejorador de plantas y genetista.<br \/>PhD Especializaci\u00f3n en mejora de cultivos, ciencia de datos biol\u00f3gicos y mejoramiento molecular.<\/span><\/p>\t\t\t\t\t\t\t\t<\/div>\n\t\t\t\t<\/div>\n\t\t\t\t<div class=\"elementor-element elementor-element-cab0608 elementor-widget elementor-widget-image\" data-id=\"cab0608\" data-element_type=\"widget\" data-widget_type=\"image.default\">\n\t\t\t\t<div class=\"elementor-widget-container\">\n\t\t\t\t\t\t\t\t\t\t\t\t<figure class=\"wp-caption\">\n\t\t\t\t\t\t\t\t\t\t\t<a href=\"https:\/\/comunica-t.net\/JECA2026\/JECA_02_Mejora_vegetal_en_Alfalfa_David_Cobertera.pdf\">\n\t\t\t\t\t\t\t<img loading=\"lazy\" decoding=\"async\" width=\"1024\" height=\"573\" src=\"https:\/\/digitalversion.es\/jeca2026\/wp-content\/uploads\/2026\/03\/JECA_02_Mejora_vegetal_en_Alfalfa_David_Cobertera-1024x573.png\" class=\"attachment-large size-large wp-image-19567\" alt=\"\" srcset=\"https:\/\/digitalversion.es\/jeca2026\/wp-content\/uploads\/2026\/03\/JECA_02_Mejora_vegetal_en_Alfalfa_David_Cobertera-1024x573.png 1024w, https:\/\/digitalversion.es\/jeca2026\/wp-content\/uploads\/2026\/03\/JECA_02_Mejora_vegetal_en_Alfalfa_David_Cobertera-300x168.png 300w, https:\/\/digitalversion.es\/jeca2026\/wp-content\/uploads\/2026\/03\/JECA_02_Mejora_vegetal_en_Alfalfa_David_Cobertera-768x430.png 768w, https:\/\/digitalversion.es\/jeca2026\/wp-content\/uploads\/2026\/03\/JECA_02_Mejora_vegetal_en_Alfalfa_David_Cobertera-1536x859.png 1536w, https:\/\/digitalversion.es\/jeca2026\/wp-content\/uploads\/2026\/03\/JECA_02_Mejora_vegetal_en_Alfalfa_David_Cobertera-1170x655.png 1170w, https:\/\/digitalversion.es\/jeca2026\/wp-content\/uploads\/2026\/03\/JECA_02_Mejora_vegetal_en_Alfalfa_David_Cobertera-600x336.png 600w, https:\/\/digitalversion.es\/jeca2026\/wp-content\/uploads\/2026\/03\/JECA_02_Mejora_vegetal_en_Alfalfa_David_Cobertera.png 1764w\" sizes=\"(max-width: 1024px) 100vw, 1024px\" \/>\t\t\t\t\t\t\t\t<\/a>\n\t\t\t\t\t\t\t\t\t\t\t<figcaption class=\"widget-image-caption wp-caption-text\">Descarga aqu\u00ed la presentaci\u00f3n<\/figcaption>\n\t\t\t\t\t\t\t\t\t\t<\/figure>\n\t\t\t\t\t\t\t\t\t<\/div>\n\t\t\t\t<\/div>\n\t\t            <\/div>\r\n        <\/div>\r\n        \t\t\t<\/div>\n\t\t<\/section>\n\t\t        <section class=\"elementor-section elementor-top-section elementor-element elementor-element-2a7bffc elementor-section-boxed elementor-section-height-default elementor-section-height-default pxl-row-scroll-none pxl-zoom-point-false pxl-section-overflow-visible pxl-section-fix-none pxl-bg-color-none pxl-section-overlay-none\" data-id=\"2a7bffc\" data-element_type=\"section\">\n\n                            <div class=\"elementor-background-overlay\"><\/div>\n            \n                <div class=\"elementor-container elementor-column-gap-default \">\n                <div class=\"elementor-column elementor-col-100 elementor-top-column elementor-element elementor-element-5825fa7 pxl-column-none pxl-column-overflow-hidden-no\" data-id=\"5825fa7\" data-element_type=\"column\">\r\n        <div class=\"elementor-widget-wrap elementor-element-populated\">\r\n                     \r\n        \t\t<div class=\"elementor-element elementor-element-9f6597d elementor-widget-divider--view-line elementor-widget elementor-widget-divider\" data-id=\"9f6597d\" data-element_type=\"widget\" data-widget_type=\"divider.default\">\n\t\t\t\t<div class=\"elementor-widget-container\">\n\t\t\t\t\t\t\t<div class=\"elementor-divider\">\n\t\t\t<span class=\"elementor-divider-separator\">\n\t\t\t\t\t\t<\/span>\n\t\t<\/div>\n\t\t\t\t\t\t<\/div>\n\t\t\t\t<\/div>\n\t\t            <\/div>\r\n        <\/div>\r\n        \t\t\t<\/div>\n\t\t<\/section>\n\t\t        <section class=\"elementor-section elementor-top-section elementor-element elementor-element-67c54bc elementor-section-boxed elementor-section-height-default elementor-section-height-default pxl-row-scroll-none pxl-zoom-point-false pxl-section-overflow-visible pxl-section-fix-none pxl-bg-color-none pxl-section-overlay-none\" data-id=\"67c54bc\" data-element_type=\"section\">\n\n                            <div class=\"elementor-background-overlay\"><\/div>\n            \n                <div class=\"elementor-container elementor-column-gap-default \">\n                <div class=\"elementor-column elementor-col-33 elementor-top-column elementor-element elementor-element-d382704 pxl-column-none pxl-column-overflow-hidden-no\" data-id=\"d382704\" data-element_type=\"column\">\r\n        <div class=\"elementor-widget-wrap elementor-element-populated\">\r\n                     \r\n        \t\t<div class=\"elementor-element elementor-element-15652ad elementor-widget elementor-widget-image\" data-id=\"15652ad\" data-element_type=\"widget\" data-widget_type=\"image.default\">\n\t\t\t\t<div class=\"elementor-widget-container\">\n\t\t\t\t\t\t\t\t\t\t\t\t\t\t\t<img loading=\"lazy\" decoding=\"async\" width=\"300\" height=\"300\" src=\"https:\/\/digitalversion.es\/jeca2026\/wp-content\/uploads\/2025\/12\/Jornadas-Jeca-Maria-Naranjo-300x300.png\" class=\"attachment-medium size-medium wp-image-18435\" alt=\"\" srcset=\"https:\/\/digitalversion.es\/jeca2026\/wp-content\/uploads\/2025\/12\/Jornadas-Jeca-Maria-Naranjo-300x300.png 300w, https:\/\/digitalversion.es\/jeca2026\/wp-content\/uploads\/2025\/12\/Jornadas-Jeca-Maria-Naranjo-150x150.png 150w, https:\/\/digitalversion.es\/jeca2026\/wp-content\/uploads\/2025\/12\/Jornadas-Jeca-Maria-Naranjo.png 500w\" sizes=\"(max-width: 300px) 100vw, 300px\" \/>\t\t\t\t\t\t\t\t\t\t\t\t\t\t\t<\/div>\n\t\t\t\t<\/div>\n\t\t\t\t<div class=\"elementor-element elementor-element-11f7b9b elementor-widget elementor-widget-text-editor\" data-id=\"11f7b9b\" data-element_type=\"widget\" data-widget_type=\"text-editor.default\">\n\t\t\t\t<div class=\"elementor-widget-container\">\n\t\t\t\t\t\t\t\t\t<h5 style=\"text-align: center;\"><strong><span style=\"color: #ffffff;\">Mar\u00eda Naranjo<\/span><\/strong><\/h5><p style=\"text-align: center;\"><span style=\"color: #ffffff;\">Directora de la Industria Agroalimentaria\/<\/span><span style=\"color: #ffffff; letter-spacing: 0px;\">Agrifood Director.<\/span><\/p>\t\t\t\t\t\t\t\t<\/div>\n\t\t\t\t<\/div>\n\t\t            <\/div>\r\n        <\/div>\r\n                <div class=\"elementor-column elementor-col-33 elementor-top-column elementor-element elementor-element-d08ec37 pxl-column-none pxl-column-overflow-hidden-no\" data-id=\"d08ec37\" data-element_type=\"column\">\r\n        <div class=\"elementor-widget-wrap\">\r\n                     \r\n                    <\/div>\r\n        <\/div>\r\n                <div class=\"elementor-column elementor-col-33 elementor-top-column elementor-element elementor-element-27f6b44 pxl-column-none pxl-column-overflow-hidden-no\" data-id=\"27f6b44\" data-element_type=\"column\">\r\n        <div class=\"elementor-widget-wrap\">\r\n                     \r\n                    <\/div>\r\n        <\/div>\r\n        \t\t\t<\/div>\n\t\t<\/section>\n\t\t        <section class=\"elementor-section elementor-top-section elementor-element elementor-element-fe232ef elementor-section-stretched elementor-hidden-desktop elementor-hidden-laptop elementor-hidden-tablet_extra elementor-hidden-tablet elementor-hidden-mobile_extra elementor-hidden-mobile elementor-section-boxed elementor-section-height-default elementor-section-height-default pxl-row-scroll-none pxl-zoom-point-false pxl-section-overflow-visible pxl-section-fix-none pxl-bg-color-none pxl-section-overlay-none\" data-id=\"fe232ef\" data-element_type=\"section\" data-settings=\"{&quot;stretch_section&quot;:&quot;section-stretched&quot;}\">\n\n                \n                <div class=\"elementor-container elementor-column-gap-extended \">\n                <div class=\"elementor-column elementor-col-100 elementor-top-column elementor-element elementor-element-0b34e5d pxl-column-none pxl-column-overflow-hidden-no\" data-id=\"0b34e5d\" data-element_type=\"column\">\r\n        <div class=\"elementor-widget-wrap elementor-element-populated\">\r\n                     \r\n                <section class=\"elementor-section elementor-inner-section elementor-element elementor-element-02f425e elementor-section-boxed elementor-section-height-default elementor-section-height-default pxl-row-scroll-none pxl-zoom-point-false pxl-section-overflow-visible pxl-section-fix-none pxl-bg-color-none pxl-section-overlay-none\" data-id=\"02f425e\" data-element_type=\"section\" data-settings=\"{&quot;background_background&quot;:&quot;classic&quot;}\">\n\n                \n                <div class=\"elementor-container elementor-column-gap-default \">\n                <div class=\"elementor-column elementor-col-100 elementor-inner-column elementor-element elementor-element-65c84ed pxl-column-none pxl-column-overflow-hidden-no\" data-id=\"65c84ed\" data-element_type=\"column\">\r\n        <div class=\"elementor-widget-wrap elementor-element-populated\">\r\n                     \r\n        \t\t<div class=\"elementor-element elementor-element-e23a630 elementor-widget elementor-widget-pxl_heading\" data-id=\"e23a630\" data-element_type=\"widget\" data-widget_type=\"pxl_heading.default\">\n\t\t\t\t<div class=\"elementor-widget-container\">\n\t\t\t\t\t\n<div id=\"pxl-pxl_heading-e23a630-5381\" class=\"pxl-heading px-sub-title-dot-style \">\n\t<div class=\"pxl-heading--inner\">\n\t\t\t\t\t<div class=\"pxl-item--subtitle px-sub-title-dot \" data-wow-delay=\"ms\">\n\t\t\t\t<span class=\"pxl-item--subtext\">\n\t\t\t\t\t\t\t\t\t\tJORNADA Y C\u00d3CTEL\t\t\t\t<\/span>\n\t\t\t<\/div>\n\t\t\n\t\t\t<h3 class=\"pxl-item--title style-default highlight-default pxl-split-text split-in-fade\" data-wow-delay=\"ms\">\n\t\t\t\t\t\t\tRESERVA PLAZA \t\n\t\t\t\t\n\t\t<\/h3>\n\t<\/div>\n<\/div> \t\t\t\t<\/div>\n\t\t\t\t<\/div>\n\t\t\t\t<div class=\"elementor-element elementor-element-139e972 elementor-widget elementor-widget-pxl_text_editor\" data-id=\"139e972\" data-element_type=\"widget\" data-widget_type=\"pxl_text_editor.default\">\n\t\t\t\t<div class=\"elementor-widget-container\">\n\t\t\t\t\t<div class=\"pxl-text-editor\">\n\t<div class=\"pxl-item--inner \" data-wow-delay=\"ms\">\n\t\t<p><strong>JECA 2026<\/strong> \u2013\u00a0 Palacio de congresos &#8211; Huesca<\/p>\t\t\n\t<\/div>\n<\/div>\t\t\t\t<\/div>\n\t\t\t\t<\/div>\n\t\t\t\t<div class=\"elementor-element elementor-element-3764e18 elementor-widget elementor-widget-mep-event-list-widget\" data-id=\"3764e18\" data-element_type=\"widget\" data-widget_type=\"mep-event-list-widget.default\">\n\t\t\t\t<div class=\"elementor-widget-container\">\n\t\t\t\t\t<div class=\"mep-elementor-event-list-widget\">\n\t\t                <div class=' list_with_filter_section mep_event_list'>\n\t\t\t\t\tThere are currently no events scheduled.                <\/div>\n                <script>\n                    jQuery(document).ready(function () {\n                        var containerEl = document.querySelector('#mep_event_list_abr69f4e0be9f97f');\n                        var mixer = mixitup(containerEl, {\n                            selectors: {\n                                target: '.mep-event-list-loop',\n                                control: '[data-mixitup-control]'\n                            }\n                        });\n                        \/\/ Handle title filter input\n                        jQuery('input[name=\"filter_with_title\"]').on('keyup', function () {\n                            var searchText = jQuery(this).val().toLowerCase();\n                            var items = jQuery('.mep-event-list-loop');\n                            items.each(function () {\n                                var itemTitle = jQuery(this).data('title').toLowerCase();\n                                if (itemTitle.indexOf(searchText) > -1) {\n                                    jQuery(this).show();\n                                } else {\n                                    jQuery(this).hide();\n                                }\n                            });\n                        });\n                        \/\/ Handle date filter change\n                        jQuery('input[name=\"filter_with_date\"]').on('change', function () {\n                            var selectedDate = jQuery(this).val();\n                            var items = jQuery('.mep-event-list-loop');\n                            if (!selectedDate) {\n                                items.show();\n                            } else {\n                                var filterDate = new Date(selectedDate);\n                                filterDate.setHours(0, 0, 0, 0); \/\/ Reset time part for date comparison\n                                items.each(function () {\n                                    var itemDate = new Date(jQuery(this).data('date'));\n                                    itemDate.setHours(0, 0, 0, 0); \/\/ Reset time part for date comparison\n                                    if (itemDate.getTime() === filterDate.getTime()) {\n                                        jQuery(this).show();\n                                    } else {\n                                        jQuery(this).hide();\n                                    }\n                                });\n                            }\n                        });\n                        \/\/ Handle state filter change\n                        jQuery('select[name=\"filter_with_state\"]').on('change', function () {\n                            var state = jQuery(this).val();\n                            var items = jQuery('.mep-event-list-loop');\n                            if (state === '') {\n                                items.show();\n                            } else {\n                                items.each(function () {\n                                    var itemState = jQuery(this).data('state');\n                                    if (itemState === state) {\n                                        jQuery(this).show();\n                                    } else {\n                                        jQuery(this).hide();\n                                    }\n                                });\n                            }\n                        });\n                        \/\/ Handle city filter change\n                        jQuery('select[name=\"filter_with_city\"]').on('change', function () {\n                            applyAllFilters();\n                        });\n                        \/\/ Handle category filter change\n                        jQuery('select[name=\"filter_with_category\"]').on('change', function () {\n                            applyAllFilters();\n                        });\n                        \/\/ Handle organizer filter change\n                        jQuery('select[name=\"filter_with_organizer\"]').on('change', function () {\n                            applyAllFilters();\n                        });\n                        \/\/ Combined filter function that applies all filters\n                        function applyAllFilters() {\n                            var titleFilter = jQuery('input[name=\"filter_with_title\"]').val().toLowerCase();\n                            var dateFilter = jQuery('input[name=\"filter_with_date\"]').val();\n                            var stateFilter = jQuery('select[name=\"filter_with_state\"]').val();\n                            var cityFilter = jQuery('select[name=\"filter_with_city\"]').val();\n                            var categoryFilter = jQuery('select[name=\"filter_with_category\"]').val();\n                            var organizerFilter = jQuery('select[name=\"filter_with_organizer\"]').val();\n                            var visibleCount = 0;\n                            jQuery('.mep-event-list-loop').each(function () {\n                                var $item = jQuery(this);\n                                var show = true;\n                                \/\/ Title filter\n                                if (titleFilter) {\n                                    var itemTitle = ($item.data('title') || '').toLowerCase();\n                                    if (itemTitle.indexOf(titleFilter) === -1) {\n                                        show = false;\n                                    }\n                                }\n                                \/\/ Date filter\n                                if (show && dateFilter) {\n                                    var itemDate = $item.data('date');\n                                    if (itemDate) {\n                                        var filterDate = new Date(dateFilter);\n                                        filterDate.setHours(0, 0, 0, 0);\n                                        var itemDateObj = new Date(itemDate);\n                                        itemDateObj.setHours(0, 0, 0, 0);\n                                        if (itemDateObj.getTime() !== filterDate.getTime()) {\n                                            show = false;\n                                        }\n                                    } else {\n                                        show = false;\n                                    }\n                                }\n                                \/\/ State filter\n                                if (show && stateFilter) {\n                                    var itemState = $item.data('state') || '';\n                                    if (itemState !== stateFilter) {\n                                        show = false;\n                                    }\n                                }\n                                \/\/ City filter\n                                if (show && cityFilter) {\n                                    var itemCity = $item.data('city-name') || '';\n                                    if (itemCity !== cityFilter) {\n                                        show = false;\n                                    }\n                                }\n                                \/\/ Category filter\n                                if (show && categoryFilter) {\n                                    var itemCategory = $item.data('category') || '';\n                                    \/\/ Check if category matches (can be comma-separated)\n                                    var itemCategories = itemCategory.split(',').map(function (c) {\n                                        return c.trim();\n                                    });\n                                    if (itemCategories.indexOf(categoryFilter) === -1) {\n                                        show = false;\n                                    }\n                                }\n                                \/\/ Organizer filter\n                                if (show && organizerFilter) {\n                                    var itemOrganizer = $item.data('organizer') || '';\n                                    \/\/ Check if organizer matches (can be comma-separated)\n                                    var itemOrganizers = itemOrganizer.split(',').map(function (o) {\n                                        return o.trim();\n                                    });\n                                    if (itemOrganizers.indexOf(organizerFilter) === -1) {\n                                        show = false;\n                                    }\n                                }\n                                if (show) {\n                                    $item.show();\n                                    visibleCount++;\n                                } else {\n                                    $item.hide();\n                                }\n                            });\n                            \/\/ Update count display\n                            jQuery('.qty_count').text(visibleCount);\n                        }\n                        \/\/ Update title filter to use combined function\n                        jQuery('input[name=\"filter_with_title\"]').off('keyup').on('keyup', function () {\n                            applyAllFilters();\n                        });\n                        \/\/ Update date filter to use combined function\n                        jQuery('input[name=\"filter_with_date\"]').off('change').on('change', function () {\n                            applyAllFilters();\n                        });\n                        \/\/ Update state filter to use combined function\n                        jQuery('select[name=\"filter_with_state\"]').off('change').on('change', function () {\n                            applyAllFilters();\n                        });\n\t\t\t\t\t\t                    });\n                <\/script>\n                <\/div>\n\t\t\t\t<\/div>\n\t\t\t\t<\/div>\n\t\t            <\/div>\r\n        <\/div>\r\n        \t\t\t<\/div>\n\t\t<\/section>\n\t\t            <\/div>\r\n        <\/div>\r\n        \t\t\t<\/div>\n\t\t<\/section>\n\t\t\t\t<\/div>\n\t\t","protected":false},"excerpt":{"rendered":"<p>4 marzo 2026 PONENTES JECA 2026 Josep M\u00aa Llenes Espigares T\u00e9cnico. Servei de Sanitat Vegetal, Generalitat de Catalunya Descarga aqu\u00ed la presentaci\u00f3n Fernando Bacha Baz M\u00e9dico Veterinario Zootecnista. Director t\u00e9cnico en Nacoop. Descarga aqu\u00ed la presentaci\u00f3n Jos\u00e9 Cavero Campo Jos\u00e9 Cavero Campo, Cient\u00edfico Titular, Estaci\u00f3n Experimental Aula Dei \u2013 CSIC. Descarga aqu\u00ed la presentaci\u00f3n Paz [&hellip;]<\/p>\n","protected":false},"author":1,"featured_media":0,"parent":0,"menu_order":0,"comment_status":"closed","ping_status":"closed","template":"","meta":{"footnotes":""},"class_list":["post-18415","page","type-page","status-publish","hentry"],"yoast_head":"<!-- This site is optimized with the Yoast SEO plugin v26.7 - https:\/\/yoast.com\/wordpress\/plugins\/seo\/ -->\n<title>Ponentes - IV Jornada espa\u00f1ola del cultivo de la alfalfa - Jeca 2026<\/title>\n<meta name=\"description\" content=\"Descubre a los ponentes de la IV Jornada Espa\u00f1ola del Cultivo de la Alfalfa: expertos, investigadores y profesionales del sector agroalimentario\" \/>\n<meta name=\"robots\" content=\"index, follow, max-snippet:-1, max-image-preview:large, max-video-preview:-1\" \/>\n<link rel=\"canonical\" href=\"https:\/\/digitalversion.es\/jeca2026\/ponentes-iv-jornada-espanola-del-cultivo-de-la-alfalfa\/\" \/>\n<meta property=\"og:locale\" content=\"es_ES\" \/>\n<meta property=\"og:type\" content=\"article\" \/>\n<meta property=\"og:title\" content=\"Ponentes - IV Jornada espa\u00f1ola del cultivo de la alfalfa - Jeca 2026\" \/>\n<meta property=\"og:description\" content=\"Descubre a los ponentes de la IV Jornada Espa\u00f1ola del Cultivo de la Alfalfa: expertos, investigadores y profesionales del sector agroalimentario\" \/>\n<meta property=\"og:url\" content=\"https:\/\/digitalversion.es\/jeca2026\/ponentes-iv-jornada-espanola-del-cultivo-de-la-alfalfa\/\" \/>\n<meta property=\"og:site_name\" content=\"Jeca 2026\" \/>\n<meta property=\"article:modified_time\" content=\"2026-03-10T13:50:05+00:00\" \/>\n<meta property=\"og:image\" content=\"https:\/\/digitalversion.es\/jeca2026\/wp-content\/uploads\/2025\/12\/Jornadas-Jeca-Josep-Maria-Llenes-Espigares-300x300.png\" \/>\n<meta name=\"twitter:card\" content=\"summary_large_image\" \/>\n<meta name=\"twitter:label1\" content=\"Tiempo de lectura\" \/>\n\t<meta name=\"twitter:data1\" content=\"4 minutos\" \/>\n<script type=\"application\/ld+json\" class=\"yoast-schema-graph\">{\"@context\":\"https:\/\/schema.org\",\"@graph\":[{\"@type\":\"WebPage\",\"@id\":\"https:\/\/digitalversion.es\/jeca2026\/ponentes-iv-jornada-espanola-del-cultivo-de-la-alfalfa\/\",\"url\":\"https:\/\/digitalversion.es\/jeca2026\/ponentes-iv-jornada-espanola-del-cultivo-de-la-alfalfa\/\",\"name\":\"Ponentes - IV Jornada espa\u00f1ola del cultivo de la alfalfa - Jeca 2026\",\"isPartOf\":{\"@id\":\"https:\/\/digitalversion.es\/jeca2026\/#website\"},\"primaryImageOfPage\":{\"@id\":\"https:\/\/digitalversion.es\/jeca2026\/ponentes-iv-jornada-espanola-del-cultivo-de-la-alfalfa\/#primaryimage\"},\"image\":{\"@id\":\"https:\/\/digitalversion.es\/jeca2026\/ponentes-iv-jornada-espanola-del-cultivo-de-la-alfalfa\/#primaryimage\"},\"thumbnailUrl\":\"https:\/\/digitalversion.es\/jeca2026\/wp-content\/uploads\/2025\/12\/Jornadas-Jeca-Josep-Maria-Llenes-Espigares-300x300.png\",\"datePublished\":\"2025-12-05T12:36:51+00:00\",\"dateModified\":\"2026-03-10T13:50:05+00:00\",\"description\":\"Descubre a los ponentes de la IV Jornada Espa\u00f1ola del Cultivo de la Alfalfa: expertos, investigadores y profesionales del sector agroalimentario\",\"breadcrumb\":{\"@id\":\"https:\/\/digitalversion.es\/jeca2026\/ponentes-iv-jornada-espanola-del-cultivo-de-la-alfalfa\/#breadcrumb\"},\"inLanguage\":\"es\",\"potentialAction\":[{\"@type\":\"ReadAction\",\"target\":[\"https:\/\/digitalversion.es\/jeca2026\/ponentes-iv-jornada-espanola-del-cultivo-de-la-alfalfa\/\"]}]},{\"@type\":\"ImageObject\",\"inLanguage\":\"es\",\"@id\":\"https:\/\/digitalversion.es\/jeca2026\/ponentes-iv-jornada-espanola-del-cultivo-de-la-alfalfa\/#primaryimage\",\"url\":\"https:\/\/digitalversion.es\/jeca2026\/wp-content\/uploads\/2025\/12\/Jornadas-Jeca-Josep-Maria-Llenes-Espigares.png\",\"contentUrl\":\"https:\/\/digitalversion.es\/jeca2026\/wp-content\/uploads\/2025\/12\/Jornadas-Jeca-Josep-Maria-Llenes-Espigares.png\",\"width\":500,\"height\":500},{\"@type\":\"BreadcrumbList\",\"@id\":\"https:\/\/digitalversion.es\/jeca2026\/ponentes-iv-jornada-espanola-del-cultivo-de-la-alfalfa\/#breadcrumb\",\"itemListElement\":[{\"@type\":\"ListItem\",\"position\":1,\"name\":\"Portada\",\"item\":\"https:\/\/digitalversion.es\/jeca2026\/\"},{\"@type\":\"ListItem\",\"position\":2,\"name\":\"Ponentes &#8211; IV Jornada espa\u00f1ola del cultivo de la alfalfa\"}]},{\"@type\":\"WebSite\",\"@id\":\"https:\/\/digitalversion.es\/jeca2026\/#website\",\"url\":\"https:\/\/digitalversion.es\/jeca2026\/\",\"name\":\"Jeca 2026\",\"description\":\"IV Jornada Espa\u00f1ola del cultivo de la alfalfa\",\"publisher\":{\"@id\":\"https:\/\/digitalversion.es\/jeca2026\/#organization\"},\"alternateName\":\"IV Jornada Espa\u00f1ola del cultivo de la alfalfa - AEFA\",\"potentialAction\":[{\"@type\":\"SearchAction\",\"target\":{\"@type\":\"EntryPoint\",\"urlTemplate\":\"https:\/\/digitalversion.es\/jeca2026\/?s={search_term_string}\"},\"query-input\":{\"@type\":\"PropertyValueSpecification\",\"valueRequired\":true,\"valueName\":\"search_term_string\"}}],\"inLanguage\":\"es\"},{\"@type\":\"Organization\",\"@id\":\"https:\/\/digitalversion.es\/jeca2026\/#organization\",\"name\":\"IV Jornada Espa\u00f1ola del cultivo de la alfalfa\",\"alternateName\":\"AEFA\",\"url\":\"https:\/\/digitalversion.es\/jeca2026\/\",\"logo\":{\"@type\":\"ImageObject\",\"inLanguage\":\"es\",\"@id\":\"https:\/\/digitalversion.es\/jeca2026\/#\/schema\/logo\/image\/\",\"url\":\"https:\/\/digitalversion.es\/jeca2026\/wp-content\/uploads\/2025\/10\/logo-JECA_2026-verde.png\",\"contentUrl\":\"https:\/\/digitalversion.es\/jeca2026\/wp-content\/uploads\/2025\/10\/logo-JECA_2026-verde.png\",\"width\":1000,\"height\":385,\"caption\":\"IV Jornada Espa\u00f1ola del cultivo de la alfalfa\"},\"image\":{\"@id\":\"https:\/\/digitalversion.es\/jeca2026\/#\/schema\/logo\/image\/\"}}]}<\/script>\n<!-- \/ Yoast SEO plugin. -->","yoast_head_json":{"title":"Ponentes - IV Jornada espa\u00f1ola del cultivo de la alfalfa - Jeca 2026","description":"Descubre a los ponentes de la IV Jornada Espa\u00f1ola del Cultivo de la Alfalfa: expertos, investigadores y profesionales del sector agroalimentario","robots":{"index":"index","follow":"follow","max-snippet":"max-snippet:-1","max-image-preview":"max-image-preview:large","max-video-preview":"max-video-preview:-1"},"canonical":"https:\/\/digitalversion.es\/jeca2026\/ponentes-iv-jornada-espanola-del-cultivo-de-la-alfalfa\/","og_locale":"es_ES","og_type":"article","og_title":"Ponentes - IV Jornada espa\u00f1ola del cultivo de la alfalfa - Jeca 2026","og_description":"Descubre a los ponentes de la IV Jornada Espa\u00f1ola del Cultivo de la Alfalfa: expertos, investigadores y profesionales del sector agroalimentario","og_url":"https:\/\/digitalversion.es\/jeca2026\/ponentes-iv-jornada-espanola-del-cultivo-de-la-alfalfa\/","og_site_name":"Jeca 2026","article_modified_time":"2026-03-10T13:50:05+00:00","og_image":[{"url":"https:\/\/digitalversion.es\/jeca2026\/wp-content\/uploads\/2025\/12\/Jornadas-Jeca-Josep-Maria-Llenes-Espigares-300x300.png","type":"","width":"","height":""}],"twitter_card":"summary_large_image","twitter_misc":{"Tiempo de lectura":"4 minutos"},"schema":{"@context":"https:\/\/schema.org","@graph":[{"@type":"WebPage","@id":"https:\/\/digitalversion.es\/jeca2026\/ponentes-iv-jornada-espanola-del-cultivo-de-la-alfalfa\/","url":"https:\/\/digitalversion.es\/jeca2026\/ponentes-iv-jornada-espanola-del-cultivo-de-la-alfalfa\/","name":"Ponentes - IV Jornada espa\u00f1ola del cultivo de la alfalfa - Jeca 2026","isPartOf":{"@id":"https:\/\/digitalversion.es\/jeca2026\/#website"},"primaryImageOfPage":{"@id":"https:\/\/digitalversion.es\/jeca2026\/ponentes-iv-jornada-espanola-del-cultivo-de-la-alfalfa\/#primaryimage"},"image":{"@id":"https:\/\/digitalversion.es\/jeca2026\/ponentes-iv-jornada-espanola-del-cultivo-de-la-alfalfa\/#primaryimage"},"thumbnailUrl":"https:\/\/digitalversion.es\/jeca2026\/wp-content\/uploads\/2025\/12\/Jornadas-Jeca-Josep-Maria-Llenes-Espigares-300x300.png","datePublished":"2025-12-05T12:36:51+00:00","dateModified":"2026-03-10T13:50:05+00:00","description":"Descubre a los ponentes de la IV Jornada Espa\u00f1ola del Cultivo de la Alfalfa: expertos, investigadores y profesionales del sector agroalimentario","breadcrumb":{"@id":"https:\/\/digitalversion.es\/jeca2026\/ponentes-iv-jornada-espanola-del-cultivo-de-la-alfalfa\/#breadcrumb"},"inLanguage":"es","potentialAction":[{"@type":"ReadAction","target":["https:\/\/digitalversion.es\/jeca2026\/ponentes-iv-jornada-espanola-del-cultivo-de-la-alfalfa\/"]}]},{"@type":"ImageObject","inLanguage":"es","@id":"https:\/\/digitalversion.es\/jeca2026\/ponentes-iv-jornada-espanola-del-cultivo-de-la-alfalfa\/#primaryimage","url":"https:\/\/digitalversion.es\/jeca2026\/wp-content\/uploads\/2025\/12\/Jornadas-Jeca-Josep-Maria-Llenes-Espigares.png","contentUrl":"https:\/\/digitalversion.es\/jeca2026\/wp-content\/uploads\/2025\/12\/Jornadas-Jeca-Josep-Maria-Llenes-Espigares.png","width":500,"height":500},{"@type":"BreadcrumbList","@id":"https:\/\/digitalversion.es\/jeca2026\/ponentes-iv-jornada-espanola-del-cultivo-de-la-alfalfa\/#breadcrumb","itemListElement":[{"@type":"ListItem","position":1,"name":"Portada","item":"https:\/\/digitalversion.es\/jeca2026\/"},{"@type":"ListItem","position":2,"name":"Ponentes &#8211; IV Jornada espa\u00f1ola del cultivo de la alfalfa"}]},{"@type":"WebSite","@id":"https:\/\/digitalversion.es\/jeca2026\/#website","url":"https:\/\/digitalversion.es\/jeca2026\/","name":"Jeca 2026","description":"IV Jornada Espa\u00f1ola del cultivo de la alfalfa","publisher":{"@id":"https:\/\/digitalversion.es\/jeca2026\/#organization"},"alternateName":"IV Jornada Espa\u00f1ola del cultivo de la alfalfa - AEFA","potentialAction":[{"@type":"SearchAction","target":{"@type":"EntryPoint","urlTemplate":"https:\/\/digitalversion.es\/jeca2026\/?s={search_term_string}"},"query-input":{"@type":"PropertyValueSpecification","valueRequired":true,"valueName":"search_term_string"}}],"inLanguage":"es"},{"@type":"Organization","@id":"https:\/\/digitalversion.es\/jeca2026\/#organization","name":"IV Jornada Espa\u00f1ola del cultivo de la alfalfa","alternateName":"AEFA","url":"https:\/\/digitalversion.es\/jeca2026\/","logo":{"@type":"ImageObject","inLanguage":"es","@id":"https:\/\/digitalversion.es\/jeca2026\/#\/schema\/logo\/image\/","url":"https:\/\/digitalversion.es\/jeca2026\/wp-content\/uploads\/2025\/10\/logo-JECA_2026-verde.png","contentUrl":"https:\/\/digitalversion.es\/jeca2026\/wp-content\/uploads\/2025\/10\/logo-JECA_2026-verde.png","width":1000,"height":385,"caption":"IV Jornada Espa\u00f1ola del cultivo de la alfalfa"},"image":{"@id":"https:\/\/digitalversion.es\/jeca2026\/#\/schema\/logo\/image\/"}}]}},"_links":{"self":[{"href":"https:\/\/digitalversion.es\/jeca2026\/wp-json\/wp\/v2\/pages\/18415","targetHints":{"allow":["GET"]}}],"collection":[{"href":"https:\/\/digitalversion.es\/jeca2026\/wp-json\/wp\/v2\/pages"}],"about":[{"href":"https:\/\/digitalversion.es\/jeca2026\/wp-json\/wp\/v2\/types\/page"}],"author":[{"embeddable":true,"href":"https:\/\/digitalversion.es\/jeca2026\/wp-json\/wp\/v2\/users\/1"}],"replies":[{"embeddable":true,"href":"https:\/\/digitalversion.es\/jeca2026\/wp-json\/wp\/v2\/comments?post=18415"}],"version-history":[{"count":70,"href":"https:\/\/digitalversion.es\/jeca2026\/wp-json\/wp\/v2\/pages\/18415\/revisions"}],"predecessor-version":[{"id":19578,"href":"https:\/\/digitalversion.es\/jeca2026\/wp-json\/wp\/v2\/pages\/18415\/revisions\/19578"}],"wp:attachment":[{"href":"https:\/\/digitalversion.es\/jeca2026\/wp-json\/wp\/v2\/media?parent=18415"}],"curies":[{"name":"wp","href":"https:\/\/api.w.org\/{rel}","templated":true}]}}