{"id":16980,"date":"2025-04-15T10:10:21","date_gmt":"2025-04-15T10:10:21","guid":{"rendered":"https:\/\/mesanacionaldelovino.com\/?page_id=16980"},"modified":"2025-10-10T09:17:37","modified_gmt":"2025-10-10T09:17:37","slug":"declaracion-de-privacidad","status":"publish","type":"page","link":"https:\/\/digitalversion.es\/jeca2026\/declaracion-de-privacidad\/","title":{"rendered":"declaraci\u00f3n de privacidad"},"content":{"rendered":"\t\t<div data-elementor-type=\"wp-page\" data-elementor-id=\"16980\" class=\"elementor elementor-16980\">\n\t\t\t\t        <section class=\"elementor-section elementor-top-section elementor-element elementor-element-462fbf09 elementor-section-boxed elementor-section-height-default elementor-section-height-default pxl-row-scroll-none pxl-zoom-point-false pxl-section-overflow-visible pxl-section-fix-none pxl-bg-color-none pxl-section-overlay-none\" data-id=\"462fbf09\" data-element_type=\"section\">\n\n                \n                <div class=\"elementor-container elementor-column-gap-default \">\n                <div class=\"elementor-column elementor-col-100 elementor-top-column elementor-element elementor-element-3da6b6b4 pxl-column-none pxl-column-overflow-hidden-no\" data-id=\"3da6b6b4\" data-element_type=\"column\">\r\n        <div class=\"elementor-widget-wrap elementor-element-populated\">\r\n                     \r\n        \t\t<div class=\"elementor-element elementor-element-4645b9b6 elementor-widget elementor-widget-text-editor\" data-id=\"4645b9b6\" data-element_type=\"widget\" data-widget_type=\"text-editor.default\">\n\t\t\t\t<div class=\"elementor-widget-container\">\n\t\t\t\t\t\t\t\t\t\n<h3>PRIVACIDAD<\/h3>\n<p><span lang=\"ES\">Comunica-t, S.L <\/span> informa al usuario de que el tratamiento de todos los datos de car\u00e1cter personal se realiza de conformidad con lo dispuesto en la Ley Org\u00e1nica 15\/1999, de 13 de diciembre de Protecci\u00f3n de Datos y con el Real Decreto 1720\/2007, de 21 de diciembre, por el que se aprueba el Reglamento de desarrollo de la Ley Org\u00e1nica 15\/1999, de 13 de diciembre, de Protecci\u00f3n de Datos de Car\u00e1cter personal.\u201d En <span lang=\"ES\">Comunica-t, S.L <\/span> nos preocupa especialmente garantizar la seguridad y la privacidad de los datos de nuestros clientes. Cuando un cliente se registra en nuestro servidor seguro o realiza un pedido, sus datos personales, su domicilio, y los datos relativos a su forma de pago son incorporados a nuestra base de datos, utiliz\u00e1ndose \u00fanicamente para tramitar el pedido, as\u00ed como para enviar informaci\u00f3n sobre ofertas y servicios que puedan resultar de su inter\u00e9s. <span lang=\"ES\">Comunica-t, S.L <\/span> asegura la confidencialidad de los datos aportados por nuestros clientes, y garantiza que en ning\u00fan caso ser\u00e1n cedidos a terceros.<\/p>\n<p>En cumplimiento de lo establecido en la Ley Org\u00e1nica 15\/1999, de 13 de diciembre, de Protecci\u00f3n de Datos de Car\u00e1cter Personal, le informamos de que cuantos datos personales nos facilite ser\u00e1n incluidos en un fichero automatizado de datos de car\u00e1cter personal, creado y mantenido bajo la responsabilidad de <span lang=\"ES\">Comunica-t, S.L <\/span>, CIF <span lang=\"ES\">B50606581 <\/span>y debidamente inscritos en la Agencia Espa\u00f1ola de Protecci\u00f3n de Datos (AEPD). La finalidad de dicho fichero es facilitar la tramitaci\u00f3n de los pedidos y, en el caso de que nos haya autorizado expresamente en la casilla correspondiente, tambi\u00e9n a enviarle comunicaciones comerciales sobre productos y servicios que pueden resultar de su inter\u00e9s. Los clientes de <span lang=\"ES\">Comunica-t, S.L<\/span> podr\u00e1n en todo momento ejercitar los derechos de acceso, rectificaci\u00f3n, cancelaci\u00f3n y oposici\u00f3n, comunic\u00e1ndolo: por correo electr\u00f3nico a <a href=\"mailto:info@comunica-t.net\">info@comunica-t.net<\/a> o por escrito a la siguiente direcci\u00f3n postal: <span lang=\"ES\">Direcci\u00f3n: Paseo Independencia, 24-26, Planta 2, Oficina 1, 50004 Zaragoza.<\/span><\/p>\n<p>En ambos casos se indicar\u00e1 el nombre y apellidos, usuario e email con el que se dio de alta. Para la utilizaci\u00f3n de nuestro sitio web es necesario la utilizaci\u00f3n de cookies. Las cookies se utilizan para analizar el uso que hacen los usuarios del sitio web. Si usted lo desea puede configurar su navegador para ser avisado en pantalla de la recepci\u00f3n de cookies y para impedir la instalaci\u00f3n de cookies en el disco duro de su ordenador. Por favor, consulte las instrucciones y manuales de su navegador para ampliar esta informaci\u00f3n.<\/p>\n<p>Desde https:\/\/digitalversion.es\/jeca2026\/ deseamos informarte que nuestra p\u00e1gina web utiliza cookies para analizar la navegaci\u00f3n de usuarios y mejorar la experiencia del usuario.<\/p>\n<p><strong>A continuaci\u00f3n, encontrar\u00e1s informaci\u00f3n sobre qu\u00e9 son las \u201ccookies\u201d, qu\u00e9 tipos de cookies utiliza esta web, c\u00f3mo puedes desactivar las cookies en tu navegador, y c\u00f3mo desactivar espec\u00edficamente la instalaci\u00f3n de cookies de terceros. <\/strong><\/p>\n<p>Si no encuentras la informaci\u00f3n espec\u00edfica que est\u00e1s buscando, por favor dir\u00edgete a <span lang=\"ES\">\u00a0<\/span><span lang=\"ES\"><a href=\"mailto:info@comunica-t.net\">info@comunica-t.net<\/a><\/span><\/p>\n<p>Con la publicaci\u00f3n en el BOE del Real Decreto-ley 13\/2012, de 30 de marzo, se han producido una serie de modificaciones en la Ley de Servicios de la Sociedad de la Informaci\u00f3n y de Comercio Electr\u00f3nico (LSSICE) que entre otros afectan al uso de cookies y a los env\u00edos comerciales por correo electr\u00f3nico. Con este Real Decreto, por el que se transponen varias directivas europeas, Espa\u00f1a al igual que todos los estados miembros de la Uni\u00f3n Europea se adapta a la Directiva Europea 2009\/136\/CE \u201cenmienda a la Directiva Europea sobre procesado y retenci\u00f3n de datos y protecci\u00f3n de la privacidad en las comunicaciones electr\u00f3nicas\u201d Art\u00edculo 22.2 de la Ley 34\/2002. Los prestadores de servicios podr\u00e1n utilizar dispositivos de almacenamiento y recuperaci\u00f3n de datos en equipos terminales de los destinatarios, a condici\u00f3n de que los mismos hayan dado su consentimiento despu\u00e9s de que se les haya facilitado informaci\u00f3n clara y completa sobre su utilizaci\u00f3n, en particular, sobre los fines del tratamiento de los datos, con arreglo a lo dispuesto en la Ley Org\u00e1nica 15\/1999, de 13 de diciembre, de Protecci\u00f3n de Datos de Car\u00e1cter Personal.<\/p>\n<h3>\u00bfQu\u00e9 son las cookies?<\/h3>\n<p>Las cookies son peque\u00f1os archivos que se instalan en el equipo desde el que accedes a nuestra web, ya sea ordenador, smartphone, tablet o televisi\u00f3n conectada a Internet. Sus funciones pueden ser muy variadas: almacenar sus preferencias de navegaci\u00f3n, recopilar informaci\u00f3n estad\u00edstica, permitir ciertas funcionalidades t\u00e9cnicas\u2026 En ocasiones, las cookies se utilizan para almacenar informaci\u00f3n b\u00e1sica sobre los h\u00e1bitos de navegaci\u00f3n del usuario o de su equipo, hasta el punto, seg\u00fan los casos, de poder reconocerlo.<\/p>\n<h3>\u00bfPor qu\u00e9 son importantes?<\/h3>\n<p>Las cookies son \u00fatiles por varios motivos. Desde un punto de vista t\u00e9cnico, permiten que las p\u00e1ginas web funcionen de forma m\u00e1s \u00e1gil y adaptada a sus preferencias, como por ejemplo almacenar su idioma, ciudad o pa\u00eds. Adem\u00e1s, ayudan a los responsables de los sitios web a mejorar los servicios que ofrecen, gracias a la informaci\u00f3n estad\u00edstica que recogen a trav\u00e9s de ellas.<\/p>\n<h3>\u00bfC\u00f3mo utilizamos las cookies?<\/h3>\n<p>La aplicaci\u00f3n que utilizamos para obtener y analizar la informaci\u00f3n de la navegaci\u00f3n es Google Analytics:<br \/>www.google.com\/analytics\/ y www.google.es\/intl\/es\/analytics\/privacyoverview.html<br \/>Esta aplicaci\u00f3n ha sido desarrollada por Google, que nos presta el servicio de an\u00e1lisis de la audiencia de nuestra p\u00e1gina. Esta empresa puede utilizar estos datos para mejorar sus propios servicios y para ofrecer servicios a otras empresas. Puedes conocer esos otros usos desde los enlaces indicados.<br \/>Esta herramienta no obtiene datos de los nombres o apellidos de los usuarios ni de la direcci\u00f3n postal desde donde se conectan. La informaci\u00f3n que obtiene est\u00e1 relacionada por ejemplo con el n\u00famero de p\u00e1ginas visitas, el idioma, red social en la que se publican nuestras noticias, la ciudad a la que est\u00e1 asignada la direcci\u00f3n IP desde la que acceden los usuarios, el n\u00famero de usuarios que nos visitan, la frecuencia y reincidencia de las visitas, el tiempo de visita, el navegador que usan, el operador o tipo de terminal desde el que se realiza la visita.<\/p>\n<p>\u00a0<\/p>\n<p>Esta informaci\u00f3n la utilizamos para mejorar nuestra p\u00e1gina, detectar nuevas necesidades y valorar las mejoras a introducir con la finalidad de prestar un mejor servicio a los usuarios que nos visitan.<\/p>\n<h3>\u00bfC\u00f3mo puedo configurar mis preferencias?<\/h3>\n<p>Para permitir, conocer, bloquear o eliminar las cookies instaladas en tu equipo puedes hacerlo mediante la configuraci\u00f3n de las opciones del navegador de internet instalado en tu ordenador. En el caso en que las bloquees, es posible que ciertos servicios que necesitan su uso no est\u00e9n disponibles para ti. Algunos navegadores permiten activar un modo privado mediante el cual las cookies se borran siempre despu\u00e9s de su visita. Dependiendo de cada navegador, este modo privado puede tener diferentes nombres. A continuaci\u00f3n, te mostramos una lista de los navegadores m\u00e1s comunes y los diferentes nombres de este \u201cmodo privado\u201d: Internet Explorer 8 y superior; InPrivate<br \/>Safari 2 y superior; Navegaci\u00f3n Privada<br \/>Opera 10.5 y superior; Navegaci\u00f3n Privada<br \/>FireFox 3.5 y superior; Navegaci\u00f3n Privada<br \/>Google Chrome 10 y superior; Inc\u00f3gnito<\/p>\n<p>Atenci\u00f3n: Por favor, lee atentamente la secci\u00f3n de ayuda de tu navegador para conocer m\u00e1s acerca de c\u00f3mo activar el &#8220;modo privado&#8221;. Podr\u00e1s seguir visitando nuestra web aunque tu navegador est\u00e9 en &#8220;modo privado&#8221;, si bien, tu navegaci\u00f3n por nuestra web puede no ser \u00f3ptima y algunas utilidades como la cesta de la compra pueden no funcionar correctamente. A continuaci\u00f3n, te ofrecemos enlaces en los que encontrar\u00e1s informaci\u00f3n sobre c\u00f3mo puedes activar tus preferencias en los principales navegadores: Chrome<br \/>Firefox<br \/>Explorer<br \/>Safari<br \/>Opera<br \/><br \/><\/p>\n\t\t\t\t\t\t\t\t<\/div>\n\t\t\t\t<\/div>\n\t\t            <\/div>\r\n        <\/div>\r\n        \t\t\t<\/div>\n\t\t<\/section>\n\t\t\t\t<\/div>\n\t\t","protected":false},"excerpt":{"rendered":"<p>PRIVACIDAD Comunica-t, S.L informa al usuario de que el tratamiento de todos los datos de car\u00e1cter personal se realiza de conformidad con lo dispuesto en la Ley Org\u00e1nica 15\/1999, de 13 de diciembre de Protecci\u00f3n de Datos y con el Real Decreto 1720\/2007, de 21 de diciembre, por el que se aprueba el Reglamento de [&hellip;]<\/p>\n","protected":false},"author":1,"featured_media":0,"parent":0,"menu_order":0,"comment_status":"closed","ping_status":"closed","template":"","meta":{"footnotes":""},"class_list":["post-16980","page","type-page","status-publish","hentry"],"yoast_head":"<!-- This site is optimized with the Yoast SEO plugin v26.7 - https:\/\/yoast.com\/wordpress\/plugins\/seo\/ -->\n<title>declaraci\u00f3n de privacidad - Jeca 2026<\/title>\n<meta name=\"robots\" content=\"index, follow, max-snippet:-1, max-image-preview:large, max-video-preview:-1\" \/>\n<link rel=\"canonical\" href=\"https:\/\/digitalversion.es\/jeca2026\/declaracion-de-privacidad\/\" \/>\n<meta property=\"og:locale\" content=\"es_ES\" \/>\n<meta property=\"og:type\" content=\"article\" \/>\n<meta property=\"og:title\" content=\"declaraci\u00f3n de privacidad - Jeca 2026\" \/>\n<meta property=\"og:description\" content=\"PRIVACIDAD Comunica-t, S.L informa al usuario de que el tratamiento de todos los datos de car\u00e1cter personal se realiza de conformidad con lo dispuesto en la Ley Org\u00e1nica 15\/1999, de 13 de diciembre de Protecci\u00f3n de Datos y con el Real Decreto 1720\/2007, de 21 de diciembre, por el que se aprueba el Reglamento de [&hellip;]\" \/>\n<meta property=\"og:url\" content=\"https:\/\/digitalversion.es\/jeca2026\/declaracion-de-privacidad\/\" \/>\n<meta property=\"og:site_name\" content=\"Jeca 2026\" \/>\n<meta property=\"article:modified_time\" content=\"2025-10-10T09:17:37+00:00\" \/>\n<meta property=\"og:image\" content=\"https:\/\/digitalversion.es\/jeca2026\/wp-content\/uploads\/2025\/10\/huesca-congresos_327-2.jpg\" \/>\n\t<meta property=\"og:image:width\" content=\"1120\" \/>\n\t<meta property=\"og:image:height\" content=\"840\" \/>\n\t<meta property=\"og:image:type\" content=\"image\/jpeg\" \/>\n<meta name=\"twitter:card\" content=\"summary_large_image\" \/>\n<meta name=\"twitter:label1\" content=\"Tiempo de lectura\" \/>\n\t<meta name=\"twitter:data1\" content=\"6 minutos\" \/>\n<script type=\"application\/ld+json\" class=\"yoast-schema-graph\">{\"@context\":\"https:\/\/schema.org\",\"@graph\":[{\"@type\":\"WebPage\",\"@id\":\"https:\/\/digitalversion.es\/jeca2026\/declaracion-de-privacidad\/\",\"url\":\"https:\/\/digitalversion.es\/jeca2026\/declaracion-de-privacidad\/\",\"name\":\"declaraci\u00f3n de privacidad - Jeca 2026\",\"isPartOf\":{\"@id\":\"https:\/\/digitalversion.es\/jeca2026\/#website\"},\"datePublished\":\"2025-04-15T10:10:21+00:00\",\"dateModified\":\"2025-10-10T09:17:37+00:00\",\"breadcrumb\":{\"@id\":\"https:\/\/digitalversion.es\/jeca2026\/declaracion-de-privacidad\/#breadcrumb\"},\"inLanguage\":\"es\",\"potentialAction\":[{\"@type\":\"ReadAction\",\"target\":[\"https:\/\/digitalversion.es\/jeca2026\/declaracion-de-privacidad\/\"]}]},{\"@type\":\"BreadcrumbList\",\"@id\":\"https:\/\/digitalversion.es\/jeca2026\/declaracion-de-privacidad\/#breadcrumb\",\"itemListElement\":[{\"@type\":\"ListItem\",\"position\":1,\"name\":\"Portada\",\"item\":\"https:\/\/digitalversion.es\/jeca2026\/\"},{\"@type\":\"ListItem\",\"position\":2,\"name\":\"declaraci\u00f3n de privacidad\"}]},{\"@type\":\"WebSite\",\"@id\":\"https:\/\/digitalversion.es\/jeca2026\/#website\",\"url\":\"https:\/\/digitalversion.es\/jeca2026\/\",\"name\":\"Jeca 2026\",\"description\":\"IV Jornada Espa\u00f1ola del cultivo de la alfalfa\",\"publisher\":{\"@id\":\"https:\/\/digitalversion.es\/jeca2026\/#organization\"},\"alternateName\":\"IV Jornada Espa\u00f1ola del cultivo de la alfalfa - AEFA\",\"potentialAction\":[{\"@type\":\"SearchAction\",\"target\":{\"@type\":\"EntryPoint\",\"urlTemplate\":\"https:\/\/digitalversion.es\/jeca2026\/?s={search_term_string}\"},\"query-input\":{\"@type\":\"PropertyValueSpecification\",\"valueRequired\":true,\"valueName\":\"search_term_string\"}}],\"inLanguage\":\"es\"},{\"@type\":\"Organization\",\"@id\":\"https:\/\/digitalversion.es\/jeca2026\/#organization\",\"name\":\"IV Jornada Espa\u00f1ola del cultivo de la alfalfa\",\"alternateName\":\"AEFA\",\"url\":\"https:\/\/digitalversion.es\/jeca2026\/\",\"logo\":{\"@type\":\"ImageObject\",\"inLanguage\":\"es\",\"@id\":\"https:\/\/digitalversion.es\/jeca2026\/#\/schema\/logo\/image\/\",\"url\":\"https:\/\/digitalversion.es\/jeca2026\/wp-content\/uploads\/2025\/10\/logo-JECA_2026-verde.png\",\"contentUrl\":\"https:\/\/digitalversion.es\/jeca2026\/wp-content\/uploads\/2025\/10\/logo-JECA_2026-verde.png\",\"width\":1000,\"height\":385,\"caption\":\"IV Jornada Espa\u00f1ola del cultivo de la alfalfa\"},\"image\":{\"@id\":\"https:\/\/digitalversion.es\/jeca2026\/#\/schema\/logo\/image\/\"}}]}<\/script>\n<!-- \/ Yoast SEO plugin. -->","yoast_head_json":{"title":"declaraci\u00f3n de privacidad - Jeca 2026","robots":{"index":"index","follow":"follow","max-snippet":"max-snippet:-1","max-image-preview":"max-image-preview:large","max-video-preview":"max-video-preview:-1"},"canonical":"https:\/\/digitalversion.es\/jeca2026\/declaracion-de-privacidad\/","og_locale":"es_ES","og_type":"article","og_title":"declaraci\u00f3n de privacidad - Jeca 2026","og_description":"PRIVACIDAD Comunica-t, S.L informa al usuario de que el tratamiento de todos los datos de car\u00e1cter personal se realiza de conformidad con lo dispuesto en la Ley Org\u00e1nica 15\/1999, de 13 de diciembre de Protecci\u00f3n de Datos y con el Real Decreto 1720\/2007, de 21 de diciembre, por el que se aprueba el Reglamento de [&hellip;]","og_url":"https:\/\/digitalversion.es\/jeca2026\/declaracion-de-privacidad\/","og_site_name":"Jeca 2026","article_modified_time":"2025-10-10T09:17:37+00:00","og_image":[{"width":1120,"height":840,"url":"https:\/\/digitalversion.es\/jeca2026\/wp-content\/uploads\/2025\/10\/huesca-congresos_327-2.jpg","type":"image\/jpeg"}],"twitter_card":"summary_large_image","twitter_misc":{"Tiempo de lectura":"6 minutos"},"schema":{"@context":"https:\/\/schema.org","@graph":[{"@type":"WebPage","@id":"https:\/\/digitalversion.es\/jeca2026\/declaracion-de-privacidad\/","url":"https:\/\/digitalversion.es\/jeca2026\/declaracion-de-privacidad\/","name":"declaraci\u00f3n de privacidad - Jeca 2026","isPartOf":{"@id":"https:\/\/digitalversion.es\/jeca2026\/#website"},"datePublished":"2025-04-15T10:10:21+00:00","dateModified":"2025-10-10T09:17:37+00:00","breadcrumb":{"@id":"https:\/\/digitalversion.es\/jeca2026\/declaracion-de-privacidad\/#breadcrumb"},"inLanguage":"es","potentialAction":[{"@type":"ReadAction","target":["https:\/\/digitalversion.es\/jeca2026\/declaracion-de-privacidad\/"]}]},{"@type":"BreadcrumbList","@id":"https:\/\/digitalversion.es\/jeca2026\/declaracion-de-privacidad\/#breadcrumb","itemListElement":[{"@type":"ListItem","position":1,"name":"Portada","item":"https:\/\/digitalversion.es\/jeca2026\/"},{"@type":"ListItem","position":2,"name":"declaraci\u00f3n de privacidad"}]},{"@type":"WebSite","@id":"https:\/\/digitalversion.es\/jeca2026\/#website","url":"https:\/\/digitalversion.es\/jeca2026\/","name":"Jeca 2026","description":"IV Jornada Espa\u00f1ola del cultivo de la alfalfa","publisher":{"@id":"https:\/\/digitalversion.es\/jeca2026\/#organization"},"alternateName":"IV Jornada Espa\u00f1ola del cultivo de la alfalfa - AEFA","potentialAction":[{"@type":"SearchAction","target":{"@type":"EntryPoint","urlTemplate":"https:\/\/digitalversion.es\/jeca2026\/?s={search_term_string}"},"query-input":{"@type":"PropertyValueSpecification","valueRequired":true,"valueName":"search_term_string"}}],"inLanguage":"es"},{"@type":"Organization","@id":"https:\/\/digitalversion.es\/jeca2026\/#organization","name":"IV Jornada Espa\u00f1ola del cultivo de la alfalfa","alternateName":"AEFA","url":"https:\/\/digitalversion.es\/jeca2026\/","logo":{"@type":"ImageObject","inLanguage":"es","@id":"https:\/\/digitalversion.es\/jeca2026\/#\/schema\/logo\/image\/","url":"https:\/\/digitalversion.es\/jeca2026\/wp-content\/uploads\/2025\/10\/logo-JECA_2026-verde.png","contentUrl":"https:\/\/digitalversion.es\/jeca2026\/wp-content\/uploads\/2025\/10\/logo-JECA_2026-verde.png","width":1000,"height":385,"caption":"IV Jornada Espa\u00f1ola del cultivo de la alfalfa"},"image":{"@id":"https:\/\/digitalversion.es\/jeca2026\/#\/schema\/logo\/image\/"}}]}},"_links":{"self":[{"href":"https:\/\/digitalversion.es\/jeca2026\/wp-json\/wp\/v2\/pages\/16980","targetHints":{"allow":["GET"]}}],"collection":[{"href":"https:\/\/digitalversion.es\/jeca2026\/wp-json\/wp\/v2\/pages"}],"about":[{"href":"https:\/\/digitalversion.es\/jeca2026\/wp-json\/wp\/v2\/types\/page"}],"author":[{"embeddable":true,"href":"https:\/\/digitalversion.es\/jeca2026\/wp-json\/wp\/v2\/users\/1"}],"replies":[{"embeddable":true,"href":"https:\/\/digitalversion.es\/jeca2026\/wp-json\/wp\/v2\/comments?post=16980"}],"version-history":[{"count":13,"href":"https:\/\/digitalversion.es\/jeca2026\/wp-json\/wp\/v2\/pages\/16980\/revisions"}],"predecessor-version":[{"id":18197,"href":"https:\/\/digitalversion.es\/jeca2026\/wp-json\/wp\/v2\/pages\/16980\/revisions\/18197"}],"wp:attachment":[{"href":"https:\/\/digitalversion.es\/jeca2026\/wp-json\/wp\/v2\/media?parent=16980"}],"curies":[{"name":"wp","href":"https:\/\/api.w.org\/{rel}","templated":true}]}}